{"id":9190,"date":"2023-02-03T00:13:54","date_gmt":"2023-02-02T23:13:54","guid":{"rendered":"https:\/\/przedszkole.salezjanie.waw.pl\/?page_id=9190"},"modified":"2025-09-05T17:54:18","modified_gmt":"2025-09-05T15:54:18","slug":"rodo","status":"publish","type":"page","link":"https:\/\/przedszkole.salezjanie.waw.pl\/index.php\/rodo\/","title":{"rendered":"RODO"},"content":{"rendered":"\n<p>Szanowni Pa\u0144stwo!<\/p>\n\n\n\n<p>Od 25 maja 2018 r. obowi\u0105zuje og\u00f3lne rozporz\u0105dzenie o ochronie danych osobowych (\u201eRODO\u201d) oraz krajowa ustawa o ochronie danych osobowych (Ustawa z dnia 10 maja 2018 r. o ochronie danych osobowych \u2013 Dz.U. poz. 1000). Rozporz\u0105dzenie 2016\/679 jest aktem prawnym, kt\u00f3re w spos\u00f3b kompleksowy reguluje wszelkie kwestie zwi\u0105zane z przetwarzaniem danych osobowych.<\/p>\n\n\n\n<p>KLAUZULA INFORMACYJNA O PRZETWARZANIU DANYCH OSOBOWYCH W NIEPUBLICZNYM SALEZJA\u0143SKIM&nbsp; PRZEDSZKOLU IM. \u015aw. JANA BOSKO w Suwa\u0142kach<\/p>\n\n\n\n<p>Na podstawie art. 13 ust 1 i 2 og\u00f3lnego rozporz\u0105dzenia o ochronie danych osobowych (UE) 2016\/679<\/p>\n\n\n\n<p>Dyrektor Niepublicznego Salezja\u0144skiego&nbsp; Przedszkola &nbsp;informuje, \u017ce:<\/p>\n\n\n\n<p>Administratorem danych osobowych dzieci i rodzic\u00f3w\/opiekun\u00f3w prawnych jest NIEPUBLICZNYM SALEZJA\u0143SKIM\u00a0 PRZEDSZKOLU IM. \u015aw. JANA BOSKO w Suwa\u0142kach z siedzib\u0105 w Suwa\u0142kach, 16-400 Suwa\u0142ki ul. Prymasa Stefana Wyszy\u0144skiego 3 reprezentowane przez Dyrektora\u00a0 ks. Jacka Zdzieborskiego; kontakt jest mo\u017cliwy pod numerem telefonu: 532757665 , adres e-mail: suwalki@salezjanie.pl<\/p>\n\n\n\n<p>INSPEKTOREM OCHRONY DANYCH&nbsp; W NIEPUBLICZNYM SALEZJA\u0143SKIM&nbsp; PRZEDSZKOLU IM. \u015aw. JANA BOSKO w Suwa\u0142kach jest ks. Dariusz Husak adres e-mail: iod@sdb.waw.pl<\/p>\n\n\n\n<p>Dane osobowe przetwarzane b\u0119d\u0105 w celu realizacji podstawy programowej kszta\u0142cenia og\u00f3lnego i nie b\u0119d\u0105 udost\u0119pniane odbiorcom nieupowa\u017cnionym.<\/p>\n\n\n\n<p>Podstaw\u0105 przetwarzania danych osobowych dzieci i ich rodzic\u00f3w jest ustawa o systemie o\u015bwiaty z dnia 7 wrze\u015bnia 1991 r. (Dz.U. z 2017 r. poz.2198), ustawy Prawo o\u015bwiatowe z dnia 14 grudnia 2016 r. (Dz.U. z 2017 r. poz. 59) oraz rozporz\u0105dzenie Ministra Edukacji Narodowej z dnia 25 sierpnia 2017 r. w sprawie sposobu prowadzenia przez publiczne przedszkola, szko\u0142y i plac\u00f3wki dokumentacji przebiegu nauczania, dzia\u0142alno\u015bci wychowawczej i opieku\u0144czej oraz rodzaj\u00f3w tej dokumentacji (Dz. U. z 2017 r. poz. 1646).<\/p>\n\n\n\n<p>Podanie danych jest niezb\u0119dne do realizacji zada\u0144 o\u015bwiatowych.<\/p>\n\n\n\n<p>Wizerunek i dane osobowe dzieci (imi\u0119 i nazwisko) mog\u0105 by\u0107 umieszczane na stronie internetowej szko\u0142y: <a href=\"http:\/\/www.przedszkole.salezjanie.waw.pl\">www.przedszkole.salezjanie.waw.pl<\/a> i stronie przedszkola na facebooku w celu promocji dzia\u0142a\u0144 dydaktyczno-wychowawczych przedszkola i osi\u0105gni\u0119\u0107 dzieci. Dane osobowe przechowywane b\u0119d\u0105 na stronie przez okres nauki w przedszkolu, archiwizowane przez 5 lat, a nast\u0119pnie trwale usuwane.<\/p>\n\n\n\n<p>Wizerunek i dane osobowe dzieci wymienione w punkcie 6 przetwarzane s\u0105 na podstawie dobrowolnej, pisemnej zgody rodzic\u00f3w (prawnych opiekun\u00f3w) dziecka.<\/p>\n\n\n\n<p>Dane osobowe dziecka zwi\u0105zane z jego stanem zdrowia, w zwi\u0105zku z jego funkcjonowaniem w szkole (np. przeciwskazania do wykonywania okre\u015blonych \u0107wicze\u0144 na zaj\u0119ciach wychowania fizycznego, problemy emocjonalne, psychologiczno-pedagogiczne) przetwarzane s\u0105 na wyra\u017an\u0105 zgod\u0119 rodzica (prawnego opiekuna).<\/p>\n\n\n\n<p>Posiada Pani\/Pan prawo do:<\/p>\n\n\n\n<p>\u017c\u0105dania od Administratora dost\u0119pu do swoich danych osobowych, ich sprostowania, usuni\u0119cia lub ograniczenia przetwarzania danych osobowych, wniesienia sprzeciwu wobec takiego przetwarzania, przenoszenia danych,<\/p>\n\n\n\n<p>wniesienia skargi do organu nadzorczego, cofni\u0119cia zgody na przetwarzanie danych osobowych, je\u017celi administrator nie ma podstawy prawnej do ich przetwarzania.<\/p>\n\n\n\n<p>Pani\/Pana dane osobowe nie podlegaj\u0105 zautomatyzowanemu podejmowaniu decyzji, w tym profilowaniu.<\/p>\n\n\n\n<p><strong>A) Klauzula informacyjna dla dzieci i rodzic\u00f3w \u2013 proces rekrutacji<\/strong><\/p>\n\n\n\n<p>Administratorem danych osobowych dzieci i rodzic\u00f3w\/opiekun\u00f3w prawnych jest NIEPUBLICZNYM SALEZJA\u0143SKIM\u00a0 PRZEDSZKOLU IM. \u015aw. JANA BOSKO w Suwa\u0142kach z siedzib\u0105 w Suwa\u0142kach, 16-400 Suwa\u0142ki ul. Prymasa Stefana Wyszy\u0144skiego 3 reprezentowane przez Dyrektora\u00a0 ks. Jacka Zdzieborskiego; kontakt jest mo\u017cliwy pod numerem telefonu: 532757665 , adres e-mail: suwalki@salezjanie.pl<\/p>\n\n\n\n<p>INSPEKTOREM OCHRONY DANYCH&nbsp; W NIEPUBLICZNYM SALEZJA\u0143SKIM&nbsp; PRZEDSZKOLU IM. \u015aw. JANA BOSKO w Suwa\u0142kach jest ks. Dariusz Husak adres e-mail: iod@sdb.waw.pl<\/p>\n\n\n\n<p>Dane osobowe s\u0105 przetwarzane w celu przeprowadzenia rekrutacji do Niepublicznego Salezja\u0144skiego Przedszkola im. \u015bw. Jana Bosko w Suwa\u0142kach na podstawie art. 6 ust. 1 lit. c i art. 9 ust. 2 lit. h RODO, tj. w celu wykonania obowi\u0105zku prawnego na\u0142o\u017conego art. 13\/14 oraz art. 130 i nast. ustawy z dnia 14 grudnia 2016 r. Prawo o\u015bwiatowe (Dz.U. z 2017 r., poz., 59 ze zm.).<\/p>\n\n\n\n<p>Odbiorcami danych osobowych s\u0105 upowa\u017cnieni pracownicy Administratora, podmioty, kt\u00f3rym nale\u017cy udost\u0119pni\u0107 dane osobowe na podstawie przepis\u00f3w prawa, a tak\u017ce te, kt\u00f3rym dane zostan\u0105 powierzone do zrealizowania cel\u00f3w przetwarzania.<\/p>\n\n\n\n<p>Dane osobowe pozyskane w procesie rekrutacji b\u0119d\u0105 przechowywane nie d\u0142u\u017cej ni\u017c do ko\u0144ca okresu, w kt\u00f3rym dziecko b\u0119dzie ucz\u0119szcza\u0142o b\u0119dzie do plac\u00f3wki, a w przypadku nieprzyj\u0119cia do plac\u00f3wki \u2013 przez okres jednego roku.<\/p>\n\n\n\n<p>Maj\u0105 Pa\u0144stwo prawo \u017c\u0105dania od Administratora dost\u0119pu do swoich danych osobowych, ich sprostowania, usuni\u0119cia lub ograniczenia przetwarzania, prawo do wniesienia sprzeciwu wobec przetwarzania, a tak\u017ce prawo do przenoszenia danych.<\/p>\n\n\n\n<p>Maj\u0105 Pa\u0144stwo prawo wnie\u015b\u0107 skarg\u0119 do organu nadzorczego, kt\u00f3rym jest Prezes Urz\u0119du Ochrony Danych Osobowych, je\u015bli uznaj\u0105 Pa\u0144stwo, i\u017c przetwarzanie przez Administratora Pa\u0144stwa danych osobowych narusza przepisy dot. ochrony danych osobowych.<\/p>\n\n\n\n<p>Podanie danych osobowych jest wymogiem ustawowym. W celu uczestniczenia w rekrutacji s\u0105 Pa\u0144stwo zobowi\u0105zani do podania danych. Niepodanie danych skutkuje odmow\u0105 uczestnictwa w rekrutacji.<\/p>\n\n\n\n<p>Ks. Jacek Zdzieborski<\/p>\n\n\n\n<p>(podpis administratora danych)<\/p>\n\n\n\n<p><em><u>Niniejsza klauzula zosta\u0142a zamieszczona: <\/u><\/em><em>Na tablicy og\u0142osze\u0144 w przedszkolu i Na stronie internetowej przedszkola<\/em><\/p>\n\n\n\n<p><strong>B) Klauzula informacyjna dla dzieci i rodzic\u00f3w \u2013 po przyj\u0119ciu<\/strong><\/p>\n\n\n\n<p>Administratorem danych osobowych dzieci i rodzic\u00f3w\/opiekun\u00f3w prawnych jest NIEPUBLICZNYM SALEZJA\u0143SKIM\u00a0 PRZEDSZKOLU IM. \u015aw. JANA BOSKO w Suwa\u0142kach z siedzib\u0105 w Suwa\u0142kach, 16-400 Suwa\u0142ki ul. Prymasa Stefana Wyszy\u0144skiego 3 reprezentowane przez Dyrektora\u00a0 ks. Jacka Zdzieborskiego; kontakt jest mo\u017cliwy pod numerem telefonu: 532757665 , adres e-mail: suwalki@salezjanie.pl<\/p>\n\n\n\n<p>INSPEKTOREM OCHRONY DANYCH&nbsp; W NIEPUBLICZNYM SALEZJA\u0143SKIM&nbsp; PRZEDSZKOLU IM. \u015aw. JANA BOSKO w Suwa\u0142kach jest ks. Dariusz Husak adres e-mail: iod@sdb.waw.pl<\/p>\n\n\n\n<p>Dane osobowe s\u0105 przetwarzane na podstawie: 6 ust. 1 lit. a i art. 9 ust. 2 lit. a RODO, tj. na podstawie zgody udzielonej w celach okre\u015blonych ka\u017cdorazowo w przekazywanych formularzach zgody, w tym w celu promowania dzia\u0142alno\u015bci plac\u00f3wki oraz osi\u0105gni\u0119\u0107 i umiej\u0119tno\u015bci dziecka;<\/p>\n\n\n\n<p>6 ust. 1 lit. c RODO, tj. gdy przetwarzanie jest niezb\u0119dne do wype\u0142nienia obowi\u0105zku prawnego ci\u0105\u017c\u0105cego na plac\u00f3wce, w tym w zwi\u0105zku z realizacj\u0105 cel\u00f3w dydaktycznych, wychowawczych i opieku\u0144czych plac\u00f3wki w celu wykonania obowi\u0105zk\u00f3w prawnych na\u0142o\u017conych art. 13\/14 ustawy z dnia 14 grudnia 2016 r. Prawo o\u015bwiatowe (Dz.U. z 2017 r., poz., 59) takich, jak prowadzenie ewidencji dzieci na potrzeby proces\u00f3w nauczania, realizacja procesu nauczania, prowadzenie dziennika, \u017cywienie dzieci, prowadzenie zaj\u0119\u0107 dodatkowych, realizacja zada\u0144 z zakresu BHP;<\/p>\n\n\n\n<p>6 ust. 1 lit. f RODO, tj. przetwarzanie jest niezb\u0119dne do cel\u00f3w wynikaj\u0105cych z prawnie uzasadnionych interes\u00f3w realizowanych przez plac\u00f3wk\u0119, w tym w zwi\u0105zku ze stosowaniem monitoringu w celu zapewnienia bezpiecze\u0144stwa dzieci, pracownik\u00f3w i mienia plac\u00f3wki;<\/p>\n\n\n\n<p>9 ust. 2 lit. h RODO w celu prowadzenia ewidencji dzieci na potrzeby proces\u00f3w nauczania, realizacji procesu nauczania, realizacji zada\u0144 z zakresu BHP.<\/p>\n\n\n\n<p>Prawnie uzasadnione interesy realizowane przez Administratora w zwi\u0105zku z przetwarzaniem danych to zapewnienie bezpiecze\u0144stwa dzieci i pracownik\u00f3w, a tak\u017ce ochrony mienia plac\u00f3wki oraz zapewnienie prawid\u0142owego funkcjonowania infrastruktury informatycznej w przedszkolu.<\/p>\n\n\n\n<p>Odbiorcami danych osobowych s\u0105 upowa\u017cnieni pracownicy Administratora, podmioty, kt\u00f3rym nale\u017cy udost\u0119pni\u0107 dane osobowe w celu wykonania obowi\u0105zku prawnego, a tak\u017ce podmioty, kt\u00f3rym dane zostan\u0105 powierzone do zrealizowania cel\u00f3w przetwarzania.<\/p>\n\n\n\n<p>Dane osobowe b\u0119d\u0105 przechowywane co najmniej do ko\u0144ca okresu, w kt\u00f3rym dziecko b\u0119dzie ucz\u0119szcza\u0142o do plac\u00f3wki lub do czasu wycofania zgody, zg\u0142oszenia sprzeciwu, a w ka\u017cdym razie przez okres wskazany przepisami zwi\u0105zanymi z wype\u0142nianiem obowi\u0105zku prawnego przez plac\u00f3wk\u0119.<\/p>\n\n\n\n<p>Maj\u0105 Pa\u0144stwo prawo \u017c\u0105dania od Administratora dost\u0119pu do swoich danych osobowych, ich sprostowania, usuni\u0119cia lub ograniczenia przetwarzania, prawo do wniesienia sprzeciwu wobec przetwarzania, a tak\u017ce prawo do przenoszenia danych.<\/p>\n\n\n\n<p>W przypadku danych przetwarzanych na podstawie zgody, maj\u0105 Pa\u0144stwo prawo do cofni\u0119cia zgody w dowolnym momencie bez wp\u0142ywu na zgodno\u015b\u0107 z prawem przetwarzania, kt\u00f3rego dokonano na podstawie zgody przed jej cofni\u0119ciem.<\/p>\n\n\n\n<p>Maj\u0105 Pa\u0144stwo prawo wnie\u015b\u0107 skarg\u0119 do organu nadzorczego, kt\u00f3rym jest Prezes Urz\u0119du Ochrony Danych Osobowych, je\u015bli uznaj\u0105 Pa\u0144stwo, i\u017c przetwarzanie przez Administratora Pa\u0144stwa danych osobowych narusza przepisy dot. ochrony danych osobowych.<\/p>\n\n\n\n<p>Podanie danych osobowych w celu wykonania przez Administratora obowi\u0105zku prawnego jest wymogiem ustawowym. W celu ucz\u0119szczania dziecka do plac\u00f3wki s\u0105 Pa\u0144stwo zobowi\u0105zani do podania danych. Niepodanie danych skutkuje niemo\u017cno\u015bci\u0105 realizowania zada\u0144 przez plac\u00f3wk\u0119 wzgl\u0119dem dziecka. Podanie danych udost\u0119pnionych na podstawie zgody jest dobrowolne, a brak zgody spowoduje niemo\u017cno\u015b\u0107 zrealizowania zamierzonego celu, lecz nie wp\u0142ynie na realizacj\u0119 g\u0142\u00f3wnych zada\u0144 przez plac\u00f3wk\u0119 wzgl\u0119dem dziecka.<\/p>\n\n\n\n<p>Ks. Jacek Zdzieborski<\/p>\n\n\n\n<p>(podpis administratora danych)<\/p>\n\n\n\n<p>&nbsp;<em>Niniejsza klauzula zosta\u0142a zamieszczona: <\/em><em>Na tablicy og\u0142osze\u0144 w przedszkolu i Na stronie internetowej przedszkola<\/em><\/p>\n\n\n\n<p><strong>C) Klauzula informacyjna dla rodzica\/prawnego opiekuna<\/strong><\/p>\n\n\n\n<p>Zgodnie z art. 13&nbsp; Rozporz\u0105dzenia Parlamentu Europejskiego i Rady UE 2016\/679 o ochronie danych osobowych z dnia 27 kwietnia 2016 r. w sprawie ochrony os\u00f3b fizycznych w zwi\u0105zku z przetwarzaniem danych osobowych i w sprawie swobodnego przep\u0142ywu takich danych oraz uchylenia dyrektywy 95\/46\/WE (4.5.2016 L 119\/36 Dziennik Urz\u0119dowy Unii Europejskiej, informuj\u0119, \u017ce:<\/p>\n\n\n\n<p>Administratorem danych osobowych dzieci i rodzic\u00f3w\/opiekun\u00f3w prawnych jest NIEPUBLICZNYM SALEZJA\u0143SKIM\u00a0 PRZEDSZKOLU IM. \u015aw. JANA BOSKO w Suwa\u0142kach z siedzib\u0105 w Suwa\u0142kach, 16-400 Suwa\u0142ki ul. Prymasa Stefana Wyszy\u0144skiego 3 reprezentowane przez Dyrektora\u00a0 ks. Jacka Zdzieborskiego; kontakt jest mo\u017cliwy pod numerem telefonu: 532757665 , adres e-mail: suwalki@salezjanie.pl<\/p>\n\n\n\n<p>INSPEKTOREM OCHRONY DANYCH&nbsp; W NIEPUBLICZNYM SALEZJA\u0143SKIM&nbsp; PRZEDSZKOLU IM. \u015aw. JANA BOSKO w Suwa\u0142kach jest ks. Dariusz Husak adres e-mail: iod@sdb.waw.pl<\/p>\n\n\n\n<p>Pani\/Pana dane osobowe przetwarzane b\u0119d\u0105 na podstawie art. 6 ust. 1 lit. c og\u00f3lnego rozporz\u0105dzenia j\/w o ochronie danych w celu realizacji zada\u0144 ustawowych, okre\u015blonych w Ustawie \u2013 Prawo O\u015bwiatowe z dnia 14 grudnia 2016 r. (Dz. U. 2017, poz. 59) oraz Ustawy o systemie o\u015bwiaty z dnia 7 wrze\u015bnia 1991 r. (Dz. U. 2017, poz. 2198) w celu realizacji statutowych zada\u0144 dydaktycznych, opieku\u0144czych i wychowawczych w przedszkolu.<\/p>\n\n\n\n<p>Pani\/Pana dane osobowe b\u0119d\u0105 przechowywane przez okres edukacji w Przedszkolu w Suwa\u0142kach i archiwizowane<\/p>\n\n\n\n<p>Pa\u0144stwa dane i dane dzieci przetwarzane b\u0119d\u0105 do czasu istnienia podstawy do ich przetwarzania \u2013 czyli przez okres wynikaj\u0105cy z przepis\u00f3w prawa.<\/p>\n\n\n\n<p>Posiada Pani\/Pan prawo do: \u017c\u0105dania od administratora dost\u0119pu do danych osobowych, prawo do ich sprostowania, usuni\u0119cia lub ograniczenia przetwarzania.<\/p>\n\n\n\n<p>Pani\/Pana dane osobowe nie b\u0119d\u0105 przekazywane do pa\u0144stwa trzeciego<\/p>\n\n\n\n<p>Rodzicom przys\u0142uguje prawo do wniesienia skargi do organu nadzorczego tj. Prezesa Urz\u0119du Ochrony Danych.<\/p>\n\n\n\n<p>W oparciu o Pa\u0144stwa dane osobowe nie b\u0119d\u0105 podejmowane wobec Pa\u0144stwa i dzieci zautomatyzowane decyzje, w tym decyzji b\u0119d\u0105cych wynikiem profilowania.<\/p>\n\n\n\n<p>Podanie danych osobowych jest wymogiem ustawowym, jest obowi\u0105zkowe ze wzgl\u0119du na przepisy prawa o\u015bwiatowego jest warunkiem korzystania z us\u0142ug naszego przedszkola.<\/p>\n\n\n\n<p>Ks. Jacek Zdzieborski<\/p>\n\n\n\n<p>(podpis administratora danych)<\/p>\n\n\n\n<p><em><u>Niniejsza klauzula zosta\u0142a zamieszczona: <\/u><\/em><em>Na tablicy og\u0142osze\u0144 w przedszkolu i Na stronie internetowej przedszkola<\/em><\/p>\n\n\n\n<p><strong>D) Klauzula informacyjna dla osoby upowa\u017cnionej przez rodzica\/prawnego opiekuna<\/strong><\/p>\n\n\n\n<p>Zgodnie z art.13 ust. 1 i ust. 2 Rozporz\u0105dzenia Parlamentu Europejskiego i Rady UE 2016\/679 o ochronie danych osobowych z dnia 27 kwietnia 2016 r. (RODO), informuj\u0119, i\u017c:<\/p>\n\n\n\n<p>Administratorem danych osobowych dzieci i rodzic\u00f3w\/opiekun\u00f3w prawnych jest NIEPUBLICZNYM SALEZJA\u0143SKIM\u00a0 PRZEDSZKOLU IM. \u015aw. JANA BOSKO w Suwa\u0142kach z siedzib\u0105 w Suwa\u0142kach, 16-400 Suwa\u0142ki ul. Prymasa Stefana Wyszy\u0144skiego 3 reprezentowane przez Dyrektora\u00a0 ks. Jacka Zdzieborskiego; kontakt jest mo\u017cliwy pod numerem telefonu: 532757665 , adres e-mail: suwalki@salezjanie.pl<\/p>\n\n\n\n<p>INSPEKTOREM OCHRONY DANYCH&nbsp; W NIEPUBLICZNYM SALEZJA\u0143SKIM&nbsp; PRZEDSZKOLU IM. \u015aw. JANA BOSKO w Suwa\u0142kach jest ks. Dariusz Husak adres e-mail: iod@sdb.waw.pl<\/p>\n\n\n\n<p>Pani\/Pana dane osobowe przetwarzane b\u0119d\u0105 w celu:<\/p>\n\n\n\n<p>mo\u017cliwo\u015bci identyfikacji, ewidencjonowania&nbsp; os\u00f3b kt\u00f3re zosta\u0142y wskazane jako uprawnione przez rodzica\/prawnego opiekuna do odbioru dziecka z plac\u00f3wki na podstawie art. 6 ust. 1 lit. a, og\u00f3lnego Rozporz\u0105dzenia Parlamentu Europejskiego i Rady UE 2016\/679 z dnia 27 kwietnia 2016 roku (RODO);<\/p>\n\n\n\n<p>odbiorc\u0105 Pani\/Pana danych osobowych b\u0119d\u0105: pracownicy administracji, pracownicy obs\u0142ugi oraz pracownicy pedagogiczni Niepublicznego Salezja\u0144skiego Przedszkola im. \u015bw. Jana Bosko w Suwa\u0142kach;<\/p>\n\n\n\n<p>Pani\/Pana dane osobowe b\u0119d\u0105 przechowywane przez okres edukacji w Niepublicznym Salezja\u0144skim Przedszkolu im. \u015bw. Jana Bosko w Suwa\u0142kach;<\/p>\n\n\n\n<p>kategorie przetwarzanych danych osobowych: Imi\u0119, Nazwisko, seria i numer dokumentu to\u017csamo\u015bci, numer telefonu;<\/p>\n\n\n\n<p>posiada Pani\/Pan prawo dost\u0119pu do tre\u015bci swoich danych oraz prawo do sprostowania, usuni\u0119cia, ograniczenia przetwarzania, prawo do przenoszenia danych, prawo wniesienia sprzeciwu, prawo do cofni\u0119cia zgody w dowolnym momencie bez wp\u0142ywu na zgodno\u015b\u0107 z prawem przetwarzania, kt\u00f3rego dokonano na podstawie zgody przed jej cofni\u0119ciem;<\/p>\n\n\n\n<p>ma Pani\/Pan&nbsp; prawo do wniesienia skargi do Organu Nadzorczego tj. Prezesa Urz\u0119du Ochrony Danych gdy uzna Pani\/Pan, i\u017c przetwarzanie danych osobowych Pani\/Pana dotycz\u0105cych narusza przepisy rozporz\u0105dzenia Parlamentu Europejskiego i Rady UE 2016\/679 o ochronie danych osobowych z dnia 27 kwietnia 2016r. (RODO);<\/p>\n\n\n\n<p>Pani\/Pana dane osobowe zosta\u0142y pozyskane od rodzica\/opiekuna prawnego;<\/p>\n\n\n\n<p>Podanie przez Pani\u0105\/Pana danych osobowych jest dobrowolne jednak\u017ce nie podanie danych wskazanych w pkt. 6 niniejszej klauzuli, mo\u017ce skutkowa\u0107 niemo\u017cno\u015bci\u0105 odebrania przez Pani\u0105\/Pana dziecka z plac\u00f3wki.<\/p>\n\n\n\n<p>Pani\/Pana dane osobowe przetwarzane b\u0119d\u0105 przez czas trwania nauki dziecka.<\/p>\n\n\n\n<p>Ks. Jacek Zdzieborski<\/p>\n\n\n\n<p>(podpis administratora danych)<\/p>\n\n\n\n<p><em><u>Niniejsza klauzula zosta\u0142a zamieszczona: <\/u><\/em><em>Na tablicy og\u0142osze\u0144 w przedszkolu i Na stronie internetowej przedszkola<\/em><\/p>\n","protected":false},"excerpt":{"rendered":"<p>Szanowni Pa\u0144stwo! Od 25 maja 2018 r. obowi\u0105zuje og\u00f3lne rozporz\u0105dzenie o ochronie danych osobowych (\u201eRODO\u201d) oraz krajowa ustawa o ochronie danych osobowych (Ustawa z dnia 10 maja 2018 r. o ochronie danych osobowych \u2013 Dz.U. poz. 1000). Rozporz\u0105dzenie 2016\/679 jest aktem prawnym,&#8230;<\/p>\n","protected":false},"author":1,"featured_media":0,"parent":0,"menu_order":0,"comment_status":"closed","ping_status":"closed","template":"","meta":{"_acf_changed":false,"footnotes":""},"class_list":["post-9190","page","type-page","status-publish","hentry"],"acf":[],"_links":{"self":[{"href":"https:\/\/przedszkole.salezjanie.waw.pl\/index.php\/wp-json\/wp\/v2\/pages\/9190","targetHints":{"allow":["GET"]}}],"collection":[{"href":"https:\/\/przedszkole.salezjanie.waw.pl\/index.php\/wp-json\/wp\/v2\/pages"}],"about":[{"href":"https:\/\/przedszkole.salezjanie.waw.pl\/index.php\/wp-json\/wp\/v2\/types\/page"}],"author":[{"embeddable":true,"href":"https:\/\/przedszkole.salezjanie.waw.pl\/index.php\/wp-json\/wp\/v2\/users\/1"}],"replies":[{"embeddable":true,"href":"https:\/\/przedszkole.salezjanie.waw.pl\/index.php\/wp-json\/wp\/v2\/comments?post=9190"}],"version-history":[{"count":3,"href":"https:\/\/przedszkole.salezjanie.waw.pl\/index.php\/wp-json\/wp\/v2\/pages\/9190\/revisions"}],"predecessor-version":[{"id":9550,"href":"https:\/\/przedszkole.salezjanie.waw.pl\/index.php\/wp-json\/wp\/v2\/pages\/9190\/revisions\/9550"}],"wp:attachment":[{"href":"https:\/\/przedszkole.salezjanie.waw.pl\/index.php\/wp-json\/wp\/v2\/media?parent=9190"}],"curies":[{"name":"wp","href":"https:\/\/api.w.org\/{rel}","templated":true}]}}